{"id":6363,"date":"2021-09-20T15:32:29","date_gmt":"2021-09-20T15:32:29","guid":{"rendered":"http:\/\/apoyo.pro\/?page_id=6363"},"modified":"2021-09-24T19:57:57","modified_gmt":"2021-09-24T19:57:57","slug":"politica-de-privacidad-reembolso-y-envio","status":"publish","type":"page","link":"https:\/\/apoyo.pro\/en\/politica-de-privacidad-reembolso-y-envio\/","title":{"rendered":"Pol\u00edtica de privacidad"},"content":{"rendered":"<div class=\"wp-block-qubely-table-of-contents qubely-block-239e49 qubely-block-table-of-contents qubely-align-left\"><div class=\"qubely-table-of-contents\" data-scroll-offset=\"20\"><div class=\"qubely-table-of-contents-header qubely-toc-header-frontend qubely-justify-between\"><div class=\"qubely-table-of-contents-heading\"><div class=\"title\">Tabla de contenido<\/div><\/div><\/div><div class=\"qubely-table-of-contents-body\"><ol class=\"ordered-list\"><li><a href=\"#2--identificaci\u00f3n-del-responsable-de-tratamiento--\">Identificaci\u00f3n del Responsable de Tratamiento: <\/a><\/li><li><a href=\"#2--finalidad-del-tratamiento-de-sus-datos-personales-\">Finalidad del Tratamiento de sus datos personales:<\/a><\/li><li><a href=\"#3--legitimaci\u00f3n-para-el-tratamiento-de-sus-datos-\">Legitimaci\u00f3n para el tratamiento de sus datos:<\/a><\/li><li><a href=\"#4--derechos-\">Derechos:<\/a><\/li><li><a href=\"#5--procedencia-\">Procedencia:<\/a><\/li><\/ol><\/div><a href=\"#\" class=\"qubely-back-to-top-button fas fa-angle-up\"><\/a><\/div><\/div>\n\n\n\n<div class=\"wp-block-qubely-divider qubely-block-bb5a44\"><div class=\"qubely-block-divider\"><svg xmlns=\"http:\/\/www.w3.org\/2000\/svg\" viewbox=\"0 0 240 40\" preserveaspectratio=\"none\"><path d=\"M201.1 16.2c-2.5-.1-4.8.7-6.9 2.1-1.4.1-2.9.1-4.3.2 2.1-1.4 3.8-3.5 4.6-5.9.2-.5-.4-.9-.8-.8-3.3.7-7.1 3.4-7.7 6.9-1.4.1-2.7.1-4.1.1.5-.4 1-.8 1.3-1.2 1.6-1.7 2.7-3.8 3.2-6 .1-.5-.3-1-.8-.8-3.7.9-7.7 4-8.1 8.1 0 .1-.1.1-.1.2-38.5 1.3-76.9 1.6-115.4 1.5-.2-.2-.5-.2-.7-.2.1-.2.1-.4 0-.6-.9-1.8-3.9-8.8-6.9-6-1.2 1.1-.2 3 .5 4.1.9 1.2 2.1 2.2 3.5 2.7h-5.8c.6-2.4-2.8-7.9-5.7-6.2-1.6.9-.7 3 .1 4.1.6.8 1.4 1.6 2.4 2.1h-3.6c.1-.1 0-.3-.1-.5-1.5-1.6-3.7-2.4-5.9-2.5-1.5-.1-4.1 0-4.7 1.7-1.4 4 8.3 3.3 10.1 2.9.4-.1.6-.5.5-.9 1.5.1 3 .1 4.5.2-1.5.5-2.9 1.4-4.2 2.4-1 .8-2.8 2.5-1.8 3.9 1 1.5 3.5-.1 4.5-.8 1.8-1.2 3.5-2.8 4.5-4.7.1-.2.1-.5 0-.6 1.3.1 2.6.1 3.9.1-1 .7-1.9 1.4-2.7 2.3-.9 1-3 3.1-1.9 4.6 1.2 1.6 3.9-.6 4.9-1.4 1.9-1.4 3.4-3.2 4.5-5.3 38.3 1.3 77 .6 115.3-1.2.7 1.8 1.9 3.5 3.2 4.9.9 1 2.6 2.5 4.1 1.6 1.7-1 .5-3.2-.2-4.4-.5-.9-1.2-1.7-2-2.4 1.3-.1 2.6-.1 4-.2.4 2.1 1.9 4.1 3.6 5.4 1.2.9 3.2 2.2 4.6 1 1.6-1.3.2-3.4-.8-4.4-.8-.8-1.9-1.6-3-2.2 1.5-.1 2.9-.2 4.4-.2.3 0 .5-.2.6-.3 2.2.8 4.7 1.5 6.9 1.1 1.2-.2 3-1.1 2.8-2.7-.5-1.7-3.1-1.7-4.3-1.8zM44.2 20.9c-1.1.1-2.1.2-3.2.1-.5 0-4.1-.3-4.3-.9-.2-.7 2.2-.9 2.4-.9.7 0 1.5 0 2.2.2 1.1.2 2.2.7 3.2 1.2-.2-.1-.3.1-.3.3zm4.7-2.3c-.4-.4-2.3-2.8-1-3 1-.2 2 1.1 2.4 1.8.6.9.7 1.9 1 2.8-.9-.5-1.7-.9-2.4-1.6zm.3 6.2c-.6.5-2.6 2.2-3.4 1.8-.6-.3.4-1 .7-1.3.5-.5 1-1 1.6-1.4 1.1-.8 2.3-1.3 3.5-1.8-.7.9-1.4 1.9-2.4 2.7zm7.3-6.7c-.4-.4-2.6-3.3-.8-3.5 1.1-.1 2.1 2 2.6 2.8.6 1 1.1 2 1.7 3-.2 0-.3.1-.5.1h-.2c.1-.2.1-.5-.1-.6-1-.4-1.9-1-2.7-1.8zm1.3 6.6c-.6.6-1.3 1.2-2 1.7-.3.2-1.9 1.4-2.2 1.2-.5-.3 2.4-3.4 2.8-3.7.9-.8 1.8-1.4 2.8-2h.7c-.5 1-1.2 2-2.1 2.8zm120.5-6.1c.7-1.3 1.3-2.7 2.5-3.8 1.1-1.1 2.4-1.9 3.9-2.4-.4 1.3-1.1 2.6-2.1 3.7-.6.7-1.2 1.2-2 1.7-.3.2-.7.4-1 .6-.1.1-.3.1-.4.2-.3 0-.5 0-.6.1-.1 0-.2-.1-.3-.1zm4 3.9c.4.6 2.3 3.5.8 3.4-1.1-.1-2.3-2-2.8-2.8-.5-.8-1-1.6-1.4-2.4.5 0 1-.1 1.6-.1.6.6 1.2 1.2 1.8 1.9zm7.1-7.2c1-.8 2-1.4 3.2-1.8-1.1 2.3-3.1 4-5.6 4.8.8-1.1 1.4-2.1 2.4-3zm1.3 6.4c.6.4 1.2.9 1.8 1.5.5.5 2.1 2.6 0 2.4-1.1-.1-2.5-1.5-3.2-2.3-.8-.9-1.2-2-1.7-3.1h.3c.9.5 1.9.9 2.8 1.5zm10.6-2.2c-.6 0-1.2 0-1.8-.1-1.2-.1-2.4-.3-3.5-.5 1-.6 2-1 3.2-1.2.8-.1 4.2-.5 4.6.5.2.7-2.2 1.2-2.5 1.3z\"><\/path><\/svg><\/div><\/div>\n\n\n\n<h2 class=\"wp-block-heading\" id=\"2--identificaci%C3%B3n-del-responsable-de-tratamiento--\"><strong>Identificaci\u00f3n del Responsable de Tratamiento:<\/strong> <\/h2>\n\n\n\n<ul class=\"wp-block-list\"><li>Identidad:&nbsp;APOYO.PRO VLHC, S.R.L.<\/li><li>Direcci\u00f3n:&nbsp;C\/ Principal, Manzana 36, N\u00ba 1, 19802, Ciudad Sat\u00e9lite Duarte, Santo <br>Domingo, Rep\u00fablica Dominicana.<\/li><li>Tel\u00e9fono:&nbsp;(809) 7097-9840<\/li><li>Correo electr\u00f3nico:&nbsp;priamo.rodriguez@apoyo.pro<\/li><\/ul>\n\n\n\n<div style=\"height:30px\" aria-hidden=\"true\" class=\"wp-block-spacer\"><\/div>\n\n\n\n<h2 class=\"wp-block-heading\" id=\"2--finalidad-del-tratamiento-de-sus-datos-personales-\"><strong>Finalidad del Tratamiento de sus datos personales:<\/strong><\/h2>\n\n\n\n<p>En APOYO.PRO VLHC, S.R.L. tratamos sus datos personales, ya sea como contacto o como interviniente, con la finalidad de llevar a cabo, correctamente, la gesti\u00f3n profesional y la relaci\u00f3n negocial o precontractual, as\u00ed como el contacto con el cliente para posibilitar la prestaci\u00f3n del servicio.<\/p>\n\n\n\n<p>Asimismo, se desean utilizar sus datos para ofrecerle productos y servicios relacionados con los solicitados por Usted, por cualquier medio, incluido el electr\u00f3nico (SMS, tel\u00e9fono, env\u00edo postal o electr\u00f3nico), incluso una vez terminada la relaci\u00f3n negocial\/contractual, tanto por APOYO.PRO VLHC, S.R.L. El env\u00edo de comunicaciones comerciales, por cualquiera de estas entidades, podr\u00eda suponer la realizaci\u00f3n de perfilados para la remisi\u00f3n de ofertas de productos o servicios personalizadas a sus intereses.<\/p>\n\n\n\n<p>Igualmente, y en su caso, queda informado y autoriza la grabaci\u00f3n de las conversaciones telef\u00f3nicas con la entidad, cuando ello sea necesario por motivos de calidad del servicio y garant\u00eda del servicio.<\/p>\n\n\n\n<p>Los datos personales proporcionados se conservar\u00e1n mientras se mantenga la relaci\u00f3n comercial y profesional y 5 a\u00f1os m\u00e1s de acuerdo con las exigencias legales, en el caso de ser cliente de la entidad. A lo largo de ese periodo los datos se podr\u00e1n poner a disposici\u00f3n de la administraci\u00f3n p\u00fablica con competencia en la materia, previa solicitud de los mismos por causa justificada.<\/p>\n\n\n\n<p>El acceso a este sitio web puede implicar la utilizaci\u00f3n de cookies. Las cookies son peque\u00f1as cantidades de informaci\u00f3n que se almacenan en el navegador utilizado por el usuario, de manera que el servidor registra informaci\u00f3n que puede utilizarse en accesos posteriores. La informaci\u00f3n almacenada permite identificar a un usuario concreto y tener registrada informaci\u00f3n sobre sus preferencias, p\u00e1ginas que visite, etc. Si no desea permitir la instalaci\u00f3n de cookies en su ordenador deber\u00e1 configurar su navegador a tal efecto.<\/p>\n\n\n\n<div style=\"height:29px\" aria-hidden=\"true\" class=\"wp-block-spacer\"><\/div>\n\n\n\n<h2 class=\"wp-block-heading\" id=\"3--legitimaci%C3%B3n-para-el-tratamiento-de-sus-datos-\"><strong>Legitimaci\u00f3n para el tratamiento de sus datos:<\/strong><\/h2>\n\n\n\n<p>La base legal para el tratamiento de sus datos es la ejecuci\u00f3n de la relaci\u00f3n comercial, negocial o contractual, en la que Usted es parte, de manera que podamos gestionar, desarrollar y controlar la correspondiente petici\u00f3n de informaci\u00f3n, env\u00edo de solicitudes, gesti\u00f3n del servicio, entre otros.<\/p>\n\n\n\n<p>En relaci\u00f3n con el env\u00edo de comunicaciones comerciales por medios electr\u00f3nicos &#8211; a ra\u00edz de una relaci\u00f3n contractual previa &#8211; la base legal es el inter\u00e9s leg\u00edtimo de APOYO.PRO VLHC, S.R.L..<\/p>\n\n\n\n<p>En relaci\u00f3n con el perfilado en el env\u00edo de comunicaciones comerciales &#8211; al margen de cualquier relaci\u00f3n contractual, pero en base a un inter\u00e9s leg\u00edtimo ya que Usted se dirige a la entidad &#8211; la base legal es el consentimiento que se le solicita en su momento y Usted otorga libremente. En caso de no obtener su consentimiento, APOYO.PRO VLHC, S.R.L. se compromete a no tratar sus datos con fines publicitarios.<\/p>\n\n\n\n<p>Los datos s\u00f3lo podr\u00e1n ser utilizados para los fines expuestos en el anterior ep\u00edgrafe, de acuerdo con los principios de transparencia y de limitaci\u00f3n de la finalidad.<\/p>\n\n\n\n<p>Comunicaci\u00f3n o Cesi\u00f3n de datos y Transferencias Internacionales de Datos:<\/p>\n\n\n\n<p>Los datos ser\u00e1n cedidos en aquellos casos en que as\u00ed se exija legalmente a las entidades p\u00fablicas con competencia en la materia.<\/p>\n\n\n\n<p>Los datos relativos al impago podr\u00e1n ser comunicados a ficheros relativos al cumplimiento o incumplimiento de obligaciones dinerarias en los casos legalmente previstos.<\/p>\n\n\n\n<p>En la gesti\u00f3n de reclamaciones, los datos podr\u00e1n ser comunicados a organizaciones de consumidores y usuarios, jueces y tribunales, y otros organismos competentes.<\/p>\n\n\n\n<div style=\"height:30px\" aria-hidden=\"true\" class=\"wp-block-spacer\"><\/div>\n\n\n\n<h2 class=\"wp-block-heading\" id=\"4--derechos-\"><strong>Derechos:<\/strong><\/h2>\n\n\n\n<p>Cualquier persona tiene derecho a obtener confirmaci\u00f3n sobre si en APOYO.PRO VLHC, S.R.L. estamos tratando datos personales que les conciernan, y en tal caso,&nbsp;derecho de acceso&nbsp;a sus datos personales, a los fines del tratamiento, y a las categor\u00edas de datos personales de que se trate.<\/p>\n\n\n\n<p>Asimismo, tendr\u00e1 derecho a solicitar la&nbsp;rectificaci\u00f3n&nbsp;de los datos inexactos o, en su caso, solicitar su&nbsp;supresi\u00f3n&nbsp;cuando, los datos ya no sean necesarios para los fines que fueron recogidos; se haya retirado el consentimiento en el que se basa el tratamiento o se oponga al tratamiento; los datos personales se hayan tratado de manera il\u00edcita; o deban suprimirse para el cumplimiento de una obligaci\u00f3n legal establecida en el derecho de la Uni\u00f3n o de los Estados miembros.<\/p>\n\n\n\n<p>Podr\u00e1 solicitar la&nbsp;limitaci\u00f3n&nbsp;del tratamiento de sus datos cuando, impugne la exactitud de los datos personales durante el plazo que permita al responsable verificar la exactitud de los mismos; el tratamiento sea il\u00edcito y el interesado se oponga a la supresi\u00f3n de los datos personales y solicite en su lugar la limitaci\u00f3n de su uso (por ejemplo, en el caso de comunicaciones comerciales adaptadas a sus intereses personales); el responsable ya no necesite los datos personales para los fines del tratamiento, pero el interesado los necesite para la formulaci\u00f3n, el ejercicio o la defensa de reclamaciones; o el interesado se haya opuesto al tratamiento, mientras se verifica si los motivos leg\u00edtimos del responsable prevalecen sobre los del interesado. En tales casos, \u00fanicamente conservaremos los datos para el ejercicio o la defensa de reclamaciones.<\/p>\n\n\n\n<p>En determinadas circunstancias y por motivos relacionados con su situaci\u00f3n particular, usted podr\u00e1 oponerse al tratamiento de sus datos. APOYO.PRO VLHC, S.R.L. dejar\u00e1 de tratar los datos, salvo por motivos leg\u00edtimos imperiosos, o el ejercicio o la defensa de posibles reclamaciones.<\/p>\n\n\n\n<p>Tendr\u00e1 derecho a recibir los datos personales que le incumban, y que haya facilitado, en un formato estructurado, y a transmitirlos a otro responsable del tratamiento sin que lo impida el responsable al que se los hubiera facilitado, cuando, el tratamiento este basado en el consentimiento; o le tratamiento se efect\u00fae por medios automatizados.<\/p>\n\n\n\n<p>Cuando las personas afectadas ejerzan los derechos de acceso, rectificaci\u00f3n, supresi\u00f3n y oposici\u00f3n, limitaci\u00f3n del tratamiento, portabilidad de datos y a no ser objeto de decisiones individualizadas automatizadas, deber\u00e1n comunicarlo por correo electr\u00f3nico a la direcci\u00f3n&nbsp;priamo.rodriguez@apoyo.pro.<\/p>\n\n\n\n<div style=\"height:30px\" aria-hidden=\"true\" class=\"wp-block-spacer\"><\/div>\n\n\n\n<h2 class=\"wp-block-heading\" id=\"5--procedencia-\"><strong>Procedencia:<\/strong><\/h2>\n\n\n\n<p>Los datos personales que tratamos en APOYO.PRO VLHC, S.R.L. proceden del propio interesado.<\/p>\n\n\n\n<p>Otra informaci\u00f3n de importancia:<\/p>\n\n\n\n<p>Los usuarios garantizan y responden, en cualquier caso, de la veracidad, exactitud, vigencia, autenticidad de los Datos Personales proporcionados, y se comprometen a mantenerlos debidamente actualizados. Asimismo, los usuarios garantizan ser mayores de 18 a\u00f1os.<\/p>\n\n\n\n<p>En caso de que se facilitaran datos de car\u00e1cter personal, por personas no titulares de los mismos, el usuario deber\u00e1, con car\u00e1cter previo a su inclusi\u00f3n, informar a dichas personas de los extremos contenidos en los p\u00e1rrafos anteriores. En estos casos, el usuario garantiza que los datos informados son de mayores de 18 a\u00f1os y que la informaci\u00f3n es exacta y veraz. APOYO.PRO VLHC, S.R.L. quedar\u00e1 exenta de cualquier responsabilidad por el incumplimiento por parte del usuario de estos requisitos.<\/p>\n\n\n\n<p>APOYO.PRO VLHC, S.R.L. ha adoptado los niveles de seguridad de protecci\u00f3n de los Datos Personales legalmente requeridos, y ha instalado todos los medios y medidas t\u00e9cnicas a disposici\u00f3n seg\u00fan el estado de la tecnolog\u00eda para evitar la p\u00e9rdida, mal uso, alteraci\u00f3n, acceso no autorizado y robo de los Datos Personales facilitados.<\/p>\n\n\n\n<p>El usuario cuenta con la confidencialidad y el deber de secreto de los empleados de APOYO.PRO VLHC, S.R.L. y de todos aquellos que traten los datos en nombre y por cuenta del mismo. Sin perjuicio de lo anterior, el usuario es consciente de la posibilidad de que la seguridad de las comunicaciones a trav\u00e9s de red no sea invulnerable.<\/p>","protected":false},"excerpt":{"rendered":"<p>Identificaci\u00f3n del Responsable de Tratamiento: Identidad:&nbsp;APOYO.PRO VLHC, S.R.L. Direcci\u00f3n:&nbsp;C\/ Principal, Manzana 36, N\u00ba 1, 19802, Ciudad Sat\u00e9lite Duarte, Santo Domingo, Rep\u00fablica Dominicana. Tel\u00e9fono:&nbsp;(809) 7097-9840 Correo electr\u00f3nico:&nbsp;priamo.rodriguez@apoyo.pro Finalidad del Tratamiento de sus datos personales: En APOYO.PRO VLHC, S.R.L. tratamos sus datos personales, ya sea como contacto o como interviniente, con la finalidad de llevar a cabo, [&hellip;]<\/p>","protected":false},"author":1,"featured_media":0,"parent":0,"menu_order":0,"comment_status":"closed","ping_status":"closed","template":"","meta":{"qubely_global_settings":"","qubely_interactions":"","_uag_custom_page_level_css":"","footnotes":""},"class_list":["post-6363","page","type-page","status-publish","hentry"],"yoast_head":"<!-- This site is optimized with the Yoast SEO plugin v25.8 - https:\/\/yoast.com\/wordpress\/plugins\/seo\/ -->\n<title>Pol\u00edtica de privacidad - Apoyo.pro VLHC<\/title>\n<meta name=\"description\" content=\"Finalidad del Tratamiento de sus datos personales, reembolso y env\u00edo\" \/>\n<meta name=\"robots\" content=\"index, follow, max-snippet:-1, max-image-preview:large, max-video-preview:-1\" \/>\n<link rel=\"canonical\" href=\"https:\/\/apoyo.pro\/en\/politica-de-privacidad-reembolso-y-envio\/\" \/>\n<meta property=\"og:locale\" content=\"en_US\" \/>\n<meta property=\"og:type\" content=\"article\" \/>\n<meta property=\"og:title\" content=\"Pol\u00edtica de privacidad - Apoyo.pro VLHC\" \/>\n<meta property=\"og:description\" content=\"Finalidad del Tratamiento de sus datos personales, reembolso y env\u00edo\" \/>\n<meta property=\"og:url\" content=\"https:\/\/apoyo.pro\/en\/politica-de-privacidad-reembolso-y-envio\/\" \/>\n<meta property=\"og:site_name\" content=\"Apoyo.pro VLHC\" \/>\n<meta property=\"article:modified_time\" content=\"2021-09-24T19:57:57+00:00\" \/>\n<meta name=\"twitter:card\" content=\"summary_large_image\" \/>\n<meta name=\"twitter:label1\" content=\"Est. reading time\" \/>\n\t<meta name=\"twitter:data1\" content=\"6 minutes\" \/>\n<script type=\"application\/ld+json\" class=\"yoast-schema-graph\">{\"@context\":\"https:\/\/schema.org\",\"@graph\":[{\"@type\":\"WebPage\",\"@id\":\"https:\/\/apoyo.pro\/politica-de-privacidad-reembolso-y-envio\/\",\"url\":\"https:\/\/apoyo.pro\/politica-de-privacidad-reembolso-y-envio\/\",\"name\":\"Pol\u00edtica de privacidad - Apoyo.pro VLHC\",\"isPartOf\":{\"@id\":\"https:\/\/apoyo.pro\/#website\"},\"datePublished\":\"2021-09-20T15:32:29+00:00\",\"dateModified\":\"2021-09-24T19:57:57+00:00\",\"description\":\"Finalidad del Tratamiento de sus datos personales, reembolso y env\u00edo\",\"breadcrumb\":{\"@id\":\"https:\/\/apoyo.pro\/politica-de-privacidad-reembolso-y-envio\/#breadcrumb\"},\"inLanguage\":\"en-US\",\"potentialAction\":[{\"@type\":\"ReadAction\",\"target\":[\"https:\/\/apoyo.pro\/politica-de-privacidad-reembolso-y-envio\/\"]}]},{\"@type\":\"BreadcrumbList\",\"@id\":\"https:\/\/apoyo.pro\/politica-de-privacidad-reembolso-y-envio\/#breadcrumb\",\"itemListElement\":[{\"@type\":\"ListItem\",\"position\":1,\"name\":\"Portada\",\"item\":\"https:\/\/apoyo.pro\/\"},{\"@type\":\"ListItem\",\"position\":2,\"name\":\"Pol\u00edtica de privacidad\"}]},{\"@type\":\"WebSite\",\"@id\":\"https:\/\/apoyo.pro\/#website\",\"url\":\"https:\/\/apoyo.pro\/\",\"name\":\"Apoyo.pro VLHC\",\"description\":\"Reingenier\u00eda de procesos de negocios con Voluntad, Lealtad, Honestidad y Car\u00e1cter.\",\"publisher\":{\"@id\":\"https:\/\/apoyo.pro\/#organization\"},\"potentialAction\":[{\"@type\":\"SearchAction\",\"target\":{\"@type\":\"EntryPoint\",\"urlTemplate\":\"https:\/\/apoyo.pro\/?s={search_term_string}\"},\"query-input\":{\"@type\":\"PropertyValueSpecification\",\"valueRequired\":true,\"valueName\":\"search_term_string\"}}],\"inLanguage\":\"en-US\"},{\"@type\":\"Organization\",\"@id\":\"https:\/\/apoyo.pro\/#organization\",\"name\":\"Apoyo.pro VLHC\",\"url\":\"https:\/\/apoyo.pro\/\",\"logo\":{\"@type\":\"ImageObject\",\"inLanguage\":\"en-US\",\"@id\":\"https:\/\/apoyo.pro\/#\/schema\/logo\/image\/\",\"url\":\"https:\/\/apoyo.pro\/wp-content\/uploads\/2021\/09\/cropped-Original-on-Transparent-e1631756329498.png\",\"contentUrl\":\"https:\/\/apoyo.pro\/wp-content\/uploads\/2021\/09\/cropped-Original-on-Transparent-e1631756329498.png\",\"width\":190,\"height\":61,\"caption\":\"Apoyo.pro VLHC\"},\"image\":{\"@id\":\"https:\/\/apoyo.pro\/#\/schema\/logo\/image\/\"}}]}<\/script>\n<!-- \/ Yoast SEO plugin. -->","yoast_head_json":{"title":"Pol\u00edtica de privacidad - Apoyo.pro VLHC","description":"Finalidad del Tratamiento de sus datos personales, reembolso y env\u00edo","robots":{"index":"index","follow":"follow","max-snippet":"max-snippet:-1","max-image-preview":"max-image-preview:large","max-video-preview":"max-video-preview:-1"},"canonical":"https:\/\/apoyo.pro\/en\/politica-de-privacidad-reembolso-y-envio\/","og_locale":"en_US","og_type":"article","og_title":"Pol\u00edtica de privacidad - Apoyo.pro VLHC","og_description":"Finalidad del Tratamiento de sus datos personales, reembolso y env\u00edo","og_url":"https:\/\/apoyo.pro\/en\/politica-de-privacidad-reembolso-y-envio\/","og_site_name":"Apoyo.pro VLHC","article_modified_time":"2021-09-24T19:57:57+00:00","twitter_card":"summary_large_image","twitter_misc":{"Est. reading time":"6 minutes"},"schema":{"@context":"https:\/\/schema.org","@graph":[{"@type":"WebPage","@id":"https:\/\/apoyo.pro\/politica-de-privacidad-reembolso-y-envio\/","url":"https:\/\/apoyo.pro\/politica-de-privacidad-reembolso-y-envio\/","name":"Pol\u00edtica de privacidad - Apoyo.pro VLHC","isPartOf":{"@id":"https:\/\/apoyo.pro\/#website"},"datePublished":"2021-09-20T15:32:29+00:00","dateModified":"2021-09-24T19:57:57+00:00","description":"Finalidad del Tratamiento de sus datos personales, reembolso y env\u00edo","breadcrumb":{"@id":"https:\/\/apoyo.pro\/politica-de-privacidad-reembolso-y-envio\/#breadcrumb"},"inLanguage":"en-US","potentialAction":[{"@type":"ReadAction","target":["https:\/\/apoyo.pro\/politica-de-privacidad-reembolso-y-envio\/"]}]},{"@type":"BreadcrumbList","@id":"https:\/\/apoyo.pro\/politica-de-privacidad-reembolso-y-envio\/#breadcrumb","itemListElement":[{"@type":"ListItem","position":1,"name":"Portada","item":"https:\/\/apoyo.pro\/"},{"@type":"ListItem","position":2,"name":"Pol\u00edtica de privacidad"}]},{"@type":"WebSite","@id":"https:\/\/apoyo.pro\/#website","url":"https:\/\/apoyo.pro\/","name":"Apoyo.pro VLHC","description":"Reingenier\u00eda de procesos de negocios con Voluntad, Lealtad, Honestidad y Car\u00e1cter.","publisher":{"@id":"https:\/\/apoyo.pro\/#organization"},"potentialAction":[{"@type":"SearchAction","target":{"@type":"EntryPoint","urlTemplate":"https:\/\/apoyo.pro\/?s={search_term_string}"},"query-input":{"@type":"PropertyValueSpecification","valueRequired":true,"valueName":"search_term_string"}}],"inLanguage":"en-US"},{"@type":"Organization","@id":"https:\/\/apoyo.pro\/#organization","name":"Apoyo.pro VLHC","url":"https:\/\/apoyo.pro\/","logo":{"@type":"ImageObject","inLanguage":"en-US","@id":"https:\/\/apoyo.pro\/#\/schema\/logo\/image\/","url":"https:\/\/apoyo.pro\/wp-content\/uploads\/2021\/09\/cropped-Original-on-Transparent-e1631756329498.png","contentUrl":"https:\/\/apoyo.pro\/wp-content\/uploads\/2021\/09\/cropped-Original-on-Transparent-e1631756329498.png","width":190,"height":61,"caption":"Apoyo.pro VLHC"},"image":{"@id":"https:\/\/apoyo.pro\/#\/schema\/logo\/image\/"}}]}},"uagb_featured_image_src":{"full":false,"thumbnail":false,"medium":false,"medium_large":false,"large":false,"1536x1536":false,"2048x2048":false,"trp-custom-language-flag":false,"qubely_landscape":false,"qubely_portrait":false,"qubely_thumbnail":false,"docent-large":false,"docent-blog":false,"docent-medium":false},"uagb_author_info":{"display_name":"Apoyo","author_link":"https:\/\/apoyo.pro\/en\/author\/apoyo\/"},"uagb_comment_info":0,"uagb_excerpt":"Identificaci\u00f3n del Responsable de Tratamiento: Identidad:&nbsp;APOYO.PRO VLHC, S.R.L. Direcci\u00f3n:&nbsp;C\/ Principal, Manzana 36, N\u00ba 1, 19802, Ciudad Sat\u00e9lite Duarte, Santo Domingo, Rep\u00fablica Dominicana. Tel\u00e9fono:&nbsp;(809) 7097-9840 Correo electr\u00f3nico:&nbsp;priamo.rodriguez@apoyo.pro Finalidad del Tratamiento de sus datos personales: En APOYO.PRO VLHC, S.R.L. tratamos sus datos personales, ya sea como contacto o como interviniente, con la finalidad de llevar a cabo,&hellip;","_links":{"self":[{"href":"https:\/\/apoyo.pro\/en\/wp-json\/wp\/v2\/pages\/6363","targetHints":{"allow":["GET"]}}],"collection":[{"href":"https:\/\/apoyo.pro\/en\/wp-json\/wp\/v2\/pages"}],"about":[{"href":"https:\/\/apoyo.pro\/en\/wp-json\/wp\/v2\/types\/page"}],"author":[{"embeddable":true,"href":"https:\/\/apoyo.pro\/en\/wp-json\/wp\/v2\/users\/1"}],"replies":[{"embeddable":true,"href":"https:\/\/apoyo.pro\/en\/wp-json\/wp\/v2\/comments?post=6363"}],"version-history":[{"count":6,"href":"https:\/\/apoyo.pro\/en\/wp-json\/wp\/v2\/pages\/6363\/revisions"}],"predecessor-version":[{"id":6501,"href":"https:\/\/apoyo.pro\/en\/wp-json\/wp\/v2\/pages\/6363\/revisions\/6501"}],"wp:attachment":[{"href":"https:\/\/apoyo.pro\/en\/wp-json\/wp\/v2\/media?parent=6363"}],"curies":[{"name":"wp","href":"https:\/\/api.w.org\/{rel}","templated":true}]}}